{"id":16017,"date":"2016-01-22T00:39:56","date_gmt":"2016-01-22T00:39:56","guid":{"rendered":"https:\/\/dev.avex.pt\/a-propos-davex\/"},"modified":"2026-02-09T09:46:50","modified_gmt":"2026-02-09T09:46:50","slug":"a-propos-davex","status":"publish","type":"page","link":"https:\/\/avex.pt\/fr\/a-propos-davex\/","title":{"rendered":"\u00c0 propos d&rsquo;AVEX"},"content":{"rendered":"<p>[vc_row section_type=\u00a0\u00bbfullwidth\u00a0\u00bb section_full_height=\u00a0\u00bbfullheight\u00a0\u00bb header_feature=\u00a0\u00bbyes\u00a0\u00bb equal_column_height=\u00a0\u00bbmiddle-content\u00a0\u00bb][vc_column css=\u00a0\u00bb.vc_custom_1549906659484{padding-right: 12% !important;padding-left: 12% !important;}\u00a0\u00bb]<div class=\"grve-element grve-slogan grve-align-center grve-animated-item grve-fadeInUp\" style=\"\" data-delay=\"200\"><div class=\"grve-subtitle\">AVEX AUTOMOTIVE<\/div><h1 class=\"grve-slogan-title grve-align-center grve-h1\"><span style=\"font-size: 140%; line-height: 1.120em;\">Les Voitures sont notre passion!<\/span><\/h1>  <p class=\"grve-leader-text\">Nous proposons une gamme personnalis\u00e9e de v\u00e9hicules attrayants, fiables et innovants.<\/p><\/div><div class=\"grve-element grve-single-icon grve-align-center grve-small grve-animated-item grve-fadeInDown\" style=\"margin-bottom: 3%;\" data-delay=\"200\"><a href=\"#about\" target=\"_self\" class=\"\">  <div class=\"grve-wrapper-icon grve-no-shape grve-text-grey\"><i class=\"fa fa-angle-down grve-text-primary-1\"><\/i><\/div><\/a><\/div>[\/vc_column][\/vc_row][vc_row heading_color=\u00a0\u00bbdark\u00a0\u00bb section_type=\u00a0\u00bbfullwidth\u00a0\u00bb bg_type=\u00a0\u00bbcolor\u00a0\u00bb equal_column_height=\u00a0\u00bbmiddle-content\u00a0\u00bb margin_bottom=\u00a0\u00bb0&Prime; section_id=\u00a0\u00bbabout\u00a0\u00bb][vc_column width=\u00a0\u00bb1\/2&Prime; css=\u00a0\u00bb.vc_custom_1706175329233{background-image: url(https:\/\/avex.pt\/wp-content\/uploads\/2024\/01\/0R2A7718.jpeg?id=15959) !important;background-position: center !important;background-repeat: no-repeat !important;background-size: cover !important;}\u00a0\u00bb][vc_empty_space height=\u00a0\u00bb500&Prime;][\/vc_column][vc_column width=\u00a0\u00bb1\/2&Prime; css=\u00a0\u00bb.vc_custom_1554888667449{padding-top: 8% !important;padding-right: 8% !important;padding-bottom: 8% !important;padding-left: 8% !important;}\u00a0\u00bb]<div class=\"grve-element grve-slogan grve-align-center avex-body\" style=\"margin-bottom: 0px;\"><h2 class=\"grve-slogan-title grve-align-center grve-h3\"><span style=\"font-size: 120%; line-height: 1.120em;\">De Lisbonne vers divers march\u00e9s<span class=\"grve-title-line grve-bg-primary-1\" style=\"width: 50px;height: 2px;\"><\/span><\/span><\/h2>  <p class=\"\">Depuis notre si\u00e8ge \u00e0 Lisbonne, nous offrons un accompagnement personnalis\u00e9, promouvons le d\u00e9fleet de notre RAC, ainsi que des produits extr\u00eamement attractifs qui vous permettent de g\u00e9n\u00e9rer des rendements int\u00e9ressants sur votre march\u00e9.<\/p><\/div>[\/vc_column][\/vc_row][vc_row section_type=\u00a0\u00bbfullwidth\u00a0\u00bb bg_type=\u00a0\u00bbcolor\u00a0\u00bb equal_column_height=\u00a0\u00bbmiddle-content\u00a0\u00bb margin_bottom=\u00a0\u00bb0&Prime;][vc_column width=\u00a0\u00bb1\/2&Prime; css=\u00a0\u00bb.vc_custom_1554888679847{padding-top: 8% !important;padding-right: 8% !important;padding-bottom: 8% !important;padding-left: 8% !important;background-position: center !important;background-repeat: no-repeat !important;background-size: cover !important;}\u00a0\u00bb]<div class=\"grve-element grve-slogan grve-align-center avex-body\" style=\"margin-bottom: 0px;\"><h2 class=\"grve-slogan-title grve-align-center grve-h3\"><span style=\"font-size: 120%; line-height: 1.120em;\">Notre r\u00e9seau<span class=\"grve-title-line grve-bg-primary-1\" style=\"width: 50px;height: 2px;\"><\/span><\/span><\/h2>  <p class=\"\">Au fil des ann\u00e9es, AVEX Automotive a r\u00e9ussi \u00e0 \u00e9tablir des relations commerciales solides et de confiance avec diff\u00e9rents march\u00e9s afin de garantir \u00e0 nos clients un approvisionnement au juste prix et au bon moment.<\/p><\/div>[\/vc_column][vc_column width=\u00a0\u00bb1\/2&Prime; css=\u00a0\u00bb.vc_custom_1554888544667{padding-right: 8% !important;padding-left: 8% !important;background-image: url(https:\/\/avex.de\/wp-content\/uploads\/2019\/02\/AVEX-Hafen-Car-Logistik-blackwhite.jpg?id=11213) !important;background-position: center !important;background-repeat: no-repeat !important;background-size: cover !important;}\u00a0\u00bb][vc_empty_space height=\u00a0\u00bb500&Prime;][\/vc_column][\/vc_row][vc_row heading_color=\u00a0\u00bblight\u00a0\u00bb section_type=\u00a0\u00bbfullwidth\u00a0\u00bb bg_type=\u00a0\u00bbcolor\u00a0\u00bb font_color=\u00a0\u00bb#ffffff\u00a0\u00bb bg_color=\u00a0\u00bb#000000&Prime; padding_top=\u00a0\u00bb60&Prime; padding_bottom=\u00a0\u00bb60&Prime; margin_bottom=\u00a0\u00bb0&Prime;][vc_column width=\u00a0\u00bb1\/4&Prime; css=\u00a0\u00bb.vc_custom_1453418567916{border-right-width: 1px !important;border-right-color: rgba(255,255,255,0.4) !important;border-right-style: solid !important;}\u00a0\u00bb]<div class=\"grve-element grve-counter grve-align-center grve-animated-item grve-fadeInUp\" style=\"\" data-delay=\"400\">  <div class=\"grve-counter-content\">    <div class=\"grve-counter-item grve-text-white grve-small\">      <span data-thousands-separator-vis=\"\" data-thousands-separator=\".\" data-prefix=\"\" data-suffix=\"\" data-start-val=\"0\" data-end-val=\"40000\" data-decimal-points=\"0\" data-decimal-separator=\".\" >0<\/span>    <\/div>\t<h3 class=\"grve-counter-title grve-leader-text\">V\u00e9hicules vendus<\/h3>  <\/div><\/div>[\/vc_column][vc_column width=\u00a0\u00bb1\/4&Prime; css=\u00a0\u00bb.vc_custom_1453418585342{border-right-width: 1px !important;border-right-color: rgba(255,255,255,0.4) !important;border-right-style: solid !important;}\u00a0\u00bb]<div class=\"grve-element grve-counter grve-align-center grve-animated-item grve-fadeInUp\" style=\"\" data-delay=\"600\">  <div class=\"grve-counter-content\">    <div class=\"grve-counter-item grve-text-white grve-small\">      <span data-thousands-separator-vis=\"\" data-thousands-separator=\".\" data-prefix=\"\" data-suffix=\"\" data-start-val=\"0\" data-end-val=\"12\" data-decimal-points=\"0\" data-decimal-separator=\".\" >0<\/span>    <\/div>\t<h3 class=\"grve-counter-title grve-leader-text\">Ann\u00e9es AVEX<\/h3>  <\/div><\/div>[\/vc_column][vc_column width=\u00a0\u00bb1\/4&Prime; css=\u00a0\u00bb.vc_custom_1453418593275{border-right-width: 1px !important;border-right-color: rgba(255,255,255,0.4) !important;border-right-style: solid !important;}\u00a0\u00bb]<div class=\"grve-element grve-counter grve-align-center grve-animated-item grve-fadeInUp\" style=\"\" data-delay=\"800\">  <div class=\"grve-counter-content\">    <div class=\"grve-counter-item grve-text-white grve-small\">      <span data-thousands-separator-vis=\"\" data-thousands-separator=\".\" data-prefix=\"\" data-suffix=\"\" data-start-val=\"0\" data-end-val=\"87\" data-decimal-points=\"0\" data-decimal-separator=\".\" >0<\/span>    <\/div>\t<h3 class=\"grve-counter-title grve-leader-text\">Ann\u00e9es de savoir-faire en mati\u00e8re de vente<\/h3>  <\/div><\/div>[\/vc_column][vc_column width=\u00a0\u00bb1\/4&Prime;]<div class=\"grve-element grve-counter grve-align-center grve-animated-item grve-fadeInUp\" style=\"\" data-delay=\"1000\">  <div class=\"grve-counter-content\">    <div class=\"grve-counter-item grve-text-white grve-small\">      <span data-thousands-separator-vis=\"\" data-thousands-separator=\",\" data-prefix=\"\" data-suffix=\"%\" data-start-val=\"0\" data-end-val=\"110\" data-decimal-points=\"0\" data-decimal-separator=\".\" >0<\/span>    <\/div>\t<h3 class=\"grve-counter-title grve-leader-text\">Engagement envers nos clients<\/h3>  <\/div><\/div>[\/vc_column][\/vc_row][vc_row padding_top=\u00a0\u00bb180&Prime; padding_bottom=\u00a0\u00bb100&Prime; margin_bottom=\u00a0\u00bb0&Prime;][vc_column]<div class=\"grve-element grve-slogan grve-align-center grve-animated-item grve-fadeInUp\" style=\"\" data-delay=\"200\"><h2 class=\"grve-slogan-title grve-align-center grve-h2\"><span style=\"font-size: 140%; line-height: 1.120em;\">L&#039;\u00e9quipe AVEX<\/span><\/h2>  <p class=\"grve-leader-text\">Un interlocuteur permanent d\u00e8s le premier contact. Comp\u00e9tent et direct.<\/p><\/div>[\/vc_column][vc_column][vc_empty_space height=\u00a0\u00bb60&Prime;][\/vc_column][vc_column width=\u00a0\u00bb1\/3&Prime;]\r\n\t\t\t\t<div class=\"grve-team grve-element grve-style-1 grve-animated-item grve-zoomIn\" style=\"margin-bottom: 40px;\" data-delay=\"400\">\r\n\t\t\t<figure class=\"grve-image-hover\">\r\n\t\t\t\t<div class=\"grve-team-person grve-media\">\r\n\t\t\t\t\t\t\t\t\t<img loading=\"lazy\" decoding=\"async\" width=\"1024\" height=\"683\" src=\"https:\/\/avex.pt\/wp-content\/uploads\/2024\/01\/ricardo-1024x683.jpg\" class=\"attachment-large size-large\" alt=\"\" srcset=\"https:\/\/avex.pt\/wp-content\/uploads\/2024\/01\/ricardo-1024x683.jpg 1024w, https:\/\/avex.pt\/wp-content\/uploads\/2024\/01\/ricardo-300x200.jpg 300w, https:\/\/avex.pt\/wp-content\/uploads\/2024\/01\/ricardo-768x512.jpg 768w, https:\/\/avex.pt\/wp-content\/uploads\/2024\/01\/ricardo.jpg 1200w\" sizes=\"auto, (max-width: 1024px) 100vw, 1024px\" \/>\t\t\t\t\t\t\t\t<\/div>\r\n\t\t\t\t<figcaption>\r\n\t\t\t\t\t<div class=\"grve-team-content\">\r\n\t\t\t\t\t\t<div class=\"grve-team-description grve-align-left\">\r\n\t\t\t\t\t\t\t<div class=\"grve-team-identity grve-subtitle\">Managing Director<\/div>\r\n\t\t\t\t\t\t\t\t\t\t\t\t\t\t<h3 class=\"grve-team-name grve-text-hover-primary-1 grve-h5\">Ricardo Mello Castro<\/h3>\r\n\t\t\t\t\t\t\t\t\t\t\t\t\t\t\t\t\t\t\t\t\t<p><a style=\"color: black; font-weight: 600;\" href=\"tel:+351211304384%E2%80%AC\">+351 211 304 384<\/a><br \/><a style=\"color: black; font-weight: 600;\" href=\"mailto:ricardo.mello.castro@avex.pt\">ricardo.mello.castro@avex.pt<\/a><\/p>\r\n\t\t\t\t\t\t\t\t\t\t\t\t\t<\/div>\r\n\t\t\t\t\t\t\t\t\t\t\t<\/div>\r\n\t\t\t\t<\/figcaption>\r\n\t\t\t<\/figure>\r\n\t\t<\/div>\r\n\t\t\r\n\t\t[\/vc_column][vc_column width=\u00a0\u00bb1\/3&Prime;]\r\n\t\t\t\t<div class=\"grve-team grve-element grve-style-1 grve-animated-item grve-zoomIn\" style=\"margin-bottom: 40px;\" data-delay=\"800\">\r\n\t\t\t<figure class=\"grve-image-hover\">\r\n\t\t\t\t<div class=\"grve-team-person grve-media\">\r\n\t\t\t\t\t\t\t\t\t<img loading=\"lazy\" decoding=\"async\" width=\"1024\" height=\"683\" src=\"https:\/\/avex.pt\/wp-content\/uploads\/2025\/07\/Lucilia-Rosario.jpg\" class=\"attachment-large size-large\" alt=\"\" srcset=\"https:\/\/avex.pt\/wp-content\/uploads\/2025\/07\/Lucilia-Rosario.jpg 1024w, https:\/\/avex.pt\/wp-content\/uploads\/2025\/07\/Lucilia-Rosario-300x200.jpg 300w, https:\/\/avex.pt\/wp-content\/uploads\/2025\/07\/Lucilia-Rosario-768x512.jpg 768w\" sizes=\"auto, (max-width: 1024px) 100vw, 1024px\" \/>\t\t\t\t\t\t\t\t<\/div>\r\n\t\t\t\t<figcaption>\r\n\t\t\t\t\t<div class=\"grve-team-content\">\r\n\t\t\t\t\t\t<div class=\"grve-team-description grve-align-left\">\r\n\t\t\t\t\t\t\t<div class=\"grve-team-identity grve-subtitle\">Head of Disposition Logistics<\/div>\r\n\t\t\t\t\t\t\t\t\t\t\t\t\t\t<h3 class=\"grve-team-name grve-text-hover-primary-1 grve-h5\">Lucilia Ros\u00e1rio<\/h3>\r\n\t\t\t\t\t\t\t\t\t\t\t\t\t\t\t\t\t\t\t\t\t<p><a style=\"color: black; font-weight: 600;\" href=\"tel:+351215888826%E2%80%AC\">+351 215 888 826<\/a> |<br \/><a style=\"color: black; font-weight: 600;\" href=\"tel:+351211992151%E2%80%AC\">+351 211 992 151<\/a><br \/><a style=\"color: black; font-weight: 600;\" href=\"mailto:lucilia.rosario@avex.pt\">lucilia.rosario@avex.pt<\/a><\/p>\r\n\t\t\t\t\t\t\t\t\t\t\t\t\t<\/div>\r\n\t\t\t\t\t\t\t\t\t\t\t<\/div>\r\n\t\t\t\t<\/figcaption>\r\n\t\t\t<\/figure>\r\n\t\t<\/div>\r\n\t\t\r\n\t\t[\/vc_column][vc_column width=\u00a0\u00bb1\/3&Prime;]\r\n\t\t\t\t<div class=\"grve-team grve-element grve-style-1 grve-animated-item grve-zoomIn\" style=\"margin-bottom: 40px;\" data-delay=\"800\">\r\n\t\t\t<figure class=\"grve-image-hover\">\r\n\t\t\t\t<div class=\"grve-team-person grve-media\">\r\n\t\t\t\t\t\t\t\t\t<img loading=\"lazy\" decoding=\"async\" width=\"1024\" height=\"683\" src=\"https:\/\/avex.pt\/wp-content\/uploads\/2025\/07\/Sofia-Coelho.jpg\" class=\"attachment-large size-large\" alt=\"\" srcset=\"https:\/\/avex.pt\/wp-content\/uploads\/2025\/07\/Sofia-Coelho.jpg 1024w, https:\/\/avex.pt\/wp-content\/uploads\/2025\/07\/Sofia-Coelho-300x200.jpg 300w, https:\/\/avex.pt\/wp-content\/uploads\/2025\/07\/Sofia-Coelho-768x512.jpg 768w\" sizes=\"auto, (max-width: 1024px) 100vw, 1024px\" \/>\t\t\t\t\t\t\t\t<\/div>\r\n\t\t\t\t<figcaption>\r\n\t\t\t\t\t<div class=\"grve-team-content\">\r\n\t\t\t\t\t\t<div class=\"grve-team-description grve-align-left\">\r\n\t\t\t\t\t\t\t<div class=\"grve-team-identity grve-subtitle\">Disposition Logistics<\/div>\r\n\t\t\t\t\t\t\t\t\t\t\t\t\t\t<h3 class=\"grve-team-name grve-text-hover-primary-1 grve-h5\">Sofia Coelho<\/h3>\r\n\t\t\t\t\t\t\t\t\t\t\t\t\t\t\t\t\t\t\t\t\t<p><a style=\"color: black; font-weight: 600;\" href=\"tel:+351211992151\">+351 211 992 151<\/a><br \/><a style=\"color: black; font-weight: 600;\" href=\"mailto:sofia.coelho@avex.pt\">sofia.coelho@avex.pt<\/a><\/p>\r\n\t\t\t\t\t\t\t\t\t\t\t\t\t<\/div>\r\n\t\t\t\t\t\t\t\t\t\t\t<\/div>\r\n\t\t\t\t<\/figcaption>\r\n\t\t\t<\/figure>\r\n\t\t<\/div>\r\n\t\t\r\n\t\t[\/vc_column][\/vc_row][vc_row][vc_column width=\u00a0\u00bb1\/3&Prime;]\r\n\t\t\t\t<div class=\"grve-team grve-element grve-style-1 grve-animated-item grve-zoomIn\" style=\"margin-bottom: 40px;\" data-delay=\"800\">\r\n\t\t\t<figure class=\"grve-image-hover\">\r\n\t\t\t\t<div class=\"grve-team-person grve-media\">\r\n\t\t\t\t\t\t\t\t\t<img loading=\"lazy\" decoding=\"async\" width=\"1024\" height=\"683\" src=\"https:\/\/avex.pt\/wp-content\/uploads\/2025\/07\/Melanie-Bellet.jpg\" class=\"attachment-large size-large\" alt=\"\" srcset=\"https:\/\/avex.pt\/wp-content\/uploads\/2025\/07\/Melanie-Bellet.jpg 1024w, https:\/\/avex.pt\/wp-content\/uploads\/2025\/07\/Melanie-Bellet-300x200.jpg 300w, https:\/\/avex.pt\/wp-content\/uploads\/2025\/07\/Melanie-Bellet-768x512.jpg 768w\" sizes=\"auto, (max-width: 1024px) 100vw, 1024px\" \/>\t\t\t\t\t\t\t\t<\/div>\r\n\t\t\t\t<figcaption>\r\n\t\t\t\t\t<div class=\"grve-team-content\">\r\n\t\t\t\t\t\t<div class=\"grve-team-description grve-align-left\">\r\n\t\t\t\t\t\t\t<div class=\"grve-team-identity grve-subtitle\">B2B Remarketing Car Sales KAM<\/div>\r\n\t\t\t\t\t\t\t\t\t\t\t\t\t\t<h3 class=\"grve-team-name grve-text-hover-primary-1 grve-h5\">M\u00e9lanie Bellet<\/h3>\r\n\t\t\t\t\t\t\t\t\t\t\t\t\t\t\t\t\t\t\t\t\t<p><a style=\"color: black; font-weight: 600;\" href=\"tel:+351915071330%E2%80%AC\">+351 915 071 330<\/a><br \/><a style=\"color: black; font-weight: 600;\" href=\"mailto:melanie.bellet@avex.pt\">melanie.bellet@avex.pt<\/a><\/p>\r\n\t\t\t\t\t\t\t\t\t\t\t\t\t<\/div>\r\n\t\t\t\t\t\t\t\t\t\t\t<\/div>\r\n\t\t\t\t<\/figcaption>\r\n\t\t\t<\/figure>\r\n\t\t<\/div>\r\n\t\t\r\n\t\t[\/vc_column][vc_column width=\u00a0\u00bb1\/3&Prime;]\r\n\t\t\t\t<div class=\"grve-team grve-element grve-style-1 grve-animated-item grve-zoomIn\" style=\"margin-bottom: 40px;\" data-delay=\"400\">\r\n\t\t\t<figure class=\"grve-image-hover\">\r\n\t\t\t\t<div class=\"grve-team-person grve-media\">\r\n\t\t\t\t\t\t\t\t\t<img loading=\"lazy\" decoding=\"async\" width=\"1024\" height=\"683\" src=\"https:\/\/avex.pt\/wp-content\/uploads\/2025\/07\/Pierre-Carapeto.jpg\" class=\"attachment-large size-large\" alt=\"\" srcset=\"https:\/\/avex.pt\/wp-content\/uploads\/2025\/07\/Pierre-Carapeto.jpg 1024w, https:\/\/avex.pt\/wp-content\/uploads\/2025\/07\/Pierre-Carapeto-300x200.jpg 300w, https:\/\/avex.pt\/wp-content\/uploads\/2025\/07\/Pierre-Carapeto-768x512.jpg 768w\" sizes=\"auto, (max-width: 1024px) 100vw, 1024px\" \/>\t\t\t\t\t\t\t\t<\/div>\r\n\t\t\t\t<figcaption>\r\n\t\t\t\t\t<div class=\"grve-team-content\">\r\n\t\t\t\t\t\t<div class=\"grve-team-description grve-align-left\">\r\n\t\t\t\t\t\t\t<div class=\"grve-team-identity grve-subtitle\">B2B Remarketing Car Sales KAM<\/div>\r\n\t\t\t\t\t\t\t\t\t\t\t\t\t\t<h3 class=\"grve-team-name grve-text-hover-primary-1 grve-h5\">Pierre Carapeto<\/h3>\r\n\t\t\t\t\t\t\t\t\t\t\t\t\t\t\t\t\t\t\t\t\t<p><a style=\"color: black; font-weight: 600;\" href=\"tel:+351211354984\">+351 211 354 984<\/a><br \/><a style=\"color: black; font-weight: 600;\" href=\"mailto:pierre.carapeto@avex.pt\">pierre.carapeto@avex.pt<\/a><\/p>\r\n\t\t\t\t\t\t\t\t\t\t\t\t\t<\/div>\r\n\t\t\t\t\t\t\t\t\t\t\t<\/div>\r\n\t\t\t\t<\/figcaption>\r\n\t\t\t<\/figure>\r\n\t\t<\/div>\r\n\t\t\r\n\t\t[\/vc_column][vc_column width=\u00a0\u00bb1\/3&Prime;]\r\n\t\t\t\t<div class=\"grve-team grve-element grve-style-1 grve-animated-item grve-zoomIn\" style=\"\" data-delay=\"600\">\r\n\t\t\t<figure class=\"grve-image-hover\">\r\n\t\t\t\t<div class=\"grve-team-person grve-media\">\r\n\t\t\t\t\t\t\t\t\t<img loading=\"lazy\" decoding=\"async\" width=\"1024\" height=\"683\" src=\"https:\/\/avex.pt\/wp-content\/uploads\/2025\/07\/Manuel-Mariano-Carvalho.jpg\" class=\"attachment-large size-large\" alt=\"\" srcset=\"https:\/\/avex.pt\/wp-content\/uploads\/2025\/07\/Manuel-Mariano-Carvalho.jpg 1024w, https:\/\/avex.pt\/wp-content\/uploads\/2025\/07\/Manuel-Mariano-Carvalho-300x200.jpg 300w, https:\/\/avex.pt\/wp-content\/uploads\/2025\/07\/Manuel-Mariano-Carvalho-768x512.jpg 768w\" sizes=\"auto, (max-width: 1024px) 100vw, 1024px\" \/>\t\t\t\t\t\t\t\t<\/div>\r\n\t\t\t\t<figcaption>\r\n\t\t\t\t\t<div class=\"grve-team-content\">\r\n\t\t\t\t\t\t<div class=\"grve-team-description grve-align-left\">\r\n\t\t\t\t\t\t\t<div class=\"grve-team-identity grve-subtitle\">B2B Remarketing Car Sales KAM<\/div>\r\n\t\t\t\t\t\t\t\t\t\t\t\t\t\t<h3 class=\"grve-team-name grve-text-hover-primary-1 grve-h5\">Manuel Mariano Carvalho<\/h3>\r\n\t\t\t\t\t\t\t\t\t\t\t\t\t\t\t\t\t\t\t\t\t<p><a style=\"color: black; font-weight: 600;\" href=\"tel:+351210991357\">+351 210 991 357<\/a><br \/><a style=\"color: black; font-weight: 600;\" href=\"mailto:manuel.carvalho@avex.pt\">manuel.carvalho@avex.pt<\/a><\/p>\r\n\t\t\t\t\t\t\t\t\t\t\t\t\t<\/div>\r\n\t\t\t\t\t\t\t\t\t\t\t<\/div>\r\n\t\t\t\t<\/figcaption>\r\n\t\t\t<\/figure>\r\n\t\t<\/div>\r\n\t\t\r\n\t\t[\/vc_column][\/vc_row][vc_row][vc_column width=\u00a0\u00bb1\/3&Prime;]\r\n\t\t\t\t<div class=\"grve-team grve-element grve-style-1 grve-animated-item grve-zoomIn\" style=\"margin-bottom: 40px;\" data-delay=\"1000\">\r\n\t\t\t<figure class=\"grve-image-hover\">\r\n\t\t\t\t<div class=\"grve-team-person grve-media\">\r\n\t\t\t\t\t\t\t\t\t<img loading=\"lazy\" decoding=\"async\" width=\"1024\" height=\"683\" src=\"https:\/\/avex.pt\/wp-content\/uploads\/2026\/02\/3O2A0632.jpg\" class=\"attachment-large size-large\" alt=\"\" srcset=\"https:\/\/avex.pt\/wp-content\/uploads\/2026\/02\/3O2A0632.jpg 1024w, https:\/\/avex.pt\/wp-content\/uploads\/2026\/02\/3O2A0632-300x200.jpg 300w, https:\/\/avex.pt\/wp-content\/uploads\/2026\/02\/3O2A0632-768x512.jpg 768w\" sizes=\"auto, (max-width: 1024px) 100vw, 1024px\" \/>\t\t\t\t\t\t\t\t<\/div>\r\n\t\t\t\t<figcaption>\r\n\t\t\t\t\t<div class=\"grve-team-content\">\r\n\t\t\t\t\t\t<div class=\"grve-team-description grve-align-left\">\r\n\t\t\t\t\t\t\t<div class=\"grve-team-identity grve-subtitle\">Sales<\/div>\r\n\t\t\t\t\t\t\t\t\t\t\t\t\t\t<h3 class=\"grve-team-name grve-text-hover-primary-1 grve-h5\">Andre Gon\u00e7alves<\/h3>\r\n\t\t\t\t\t\t\t\t\t\t\t\t\t\t\t\t\t\t\t\t\t<p><a style=\"color: black; font-weight: 600;\" href=\"tel:+351211248947\">+351 211 248 947<\/a><br \/><a style=\"color: black; font-weight: 600;\" href=\"mailto:andre.goncalves@avex.pt\">andre.goncalves@avex.pt<\/a><\/p>\r\n\t\t\t\t\t\t\t\t\t\t\t\t\t<\/div>\r\n\t\t\t\t\t\t\t\t\t\t\t<\/div>\r\n\t\t\t\t<\/figcaption>\r\n\t\t\t<\/figure>\r\n\t\t<\/div>\r\n\t\t\r\n\t\t[\/vc_column][vc_column width=\u00a0\u00bb1\/3&Prime;]\r\n\t\t\t\t<div class=\"grve-team grve-element grve-style-1 grve-animated-item grve-zoomIn\" style=\"margin-bottom: 40px;\" data-delay=\"1000\">\r\n\t\t\t<figure class=\"grve-image-hover\">\r\n\t\t\t\t<div class=\"grve-team-person grve-media\">\r\n\t\t\t\t\t\t\t\t\t<img loading=\"lazy\" decoding=\"async\" width=\"1024\" height=\"681\" src=\"https:\/\/avex.pt\/wp-content\/uploads\/2026\/02\/Catarina-Godinho.jpg\" class=\"attachment-large size-large\" alt=\"\" srcset=\"https:\/\/avex.pt\/wp-content\/uploads\/2026\/02\/Catarina-Godinho.jpg 1024w, https:\/\/avex.pt\/wp-content\/uploads\/2026\/02\/Catarina-Godinho-300x200.jpg 300w, https:\/\/avex.pt\/wp-content\/uploads\/2026\/02\/Catarina-Godinho-768x511.jpg 768w\" sizes=\"auto, (max-width: 1024px) 100vw, 1024px\" \/>\t\t\t\t\t\t\t\t<\/div>\r\n\t\t\t\t<figcaption>\r\n\t\t\t\t\t<div class=\"grve-team-content\">\r\n\t\t\t\t\t\t<div class=\"grve-team-description grve-align-left\">\r\n\t\t\t\t\t\t\t<div class=\"grve-team-identity grve-subtitle\">Financial Controller<\/div>\r\n\t\t\t\t\t\t\t\t\t\t\t\t\t\t<h3 class=\"grve-team-name grve-text-hover-primary-1 grve-h5\">Catarina Godinho<\/h3>\r\n\t\t\t\t\t\t\t\t\t\t\t\t\t\t\t\t\t\t\t\t\t<p><a style=\"color: black; font-weight: 600;\" href=\"tel:+351211253043\">+351 211 253 043<\/a><br \/><a style=\"color: black; font-weight: 600;\" href=\"mailto:catarina.godinho@avex.pt\">catarina.godinho@avex.pt<\/a><\/p>\r\n\t\t\t\t\t\t\t\t\t\t\t\t\t<\/div>\r\n\t\t\t\t\t\t\t\t\t\t\t<\/div>\r\n\t\t\t\t<\/figcaption>\r\n\t\t\t<\/figure>\r\n\t\t<\/div>\r\n\t\t\r\n\t\t[\/vc_column][vc_column width=\u00a0\u00bb1\/3&Prime;]\r\n\t\t\t\t<div class=\"grve-team grve-element grve-style-1 grve-animated-item grve-zoomIn\" style=\"margin-bottom: 40px;\" data-delay=\"800\">\r\n\t\t\t<figure class=\"grve-image-hover\">\r\n\t\t\t\t<div class=\"grve-team-person grve-media\">\r\n\t\t\t\t\t\t\t\t\t<img loading=\"lazy\" decoding=\"async\" width=\"1024\" height=\"683\" src=\"https:\/\/avex.pt\/wp-content\/uploads\/2025\/07\/Renato-Santos.jpg\" class=\"attachment-large size-large\" alt=\"\" srcset=\"https:\/\/avex.pt\/wp-content\/uploads\/2025\/07\/Renato-Santos.jpg 1024w, https:\/\/avex.pt\/wp-content\/uploads\/2025\/07\/Renato-Santos-300x200.jpg 300w, https:\/\/avex.pt\/wp-content\/uploads\/2025\/07\/Renato-Santos-768x512.jpg 768w\" sizes=\"auto, (max-width: 1024px) 100vw, 1024px\" \/>\t\t\t\t\t\t\t\t<\/div>\r\n\t\t\t\t<figcaption>\r\n\t\t\t\t\t<div class=\"grve-team-content\">\r\n\t\t\t\t\t\t<div class=\"grve-team-description grve-align-left\">\r\n\t\t\t\t\t\t\t<div class=\"grve-team-identity grve-subtitle\">Financial Controller<\/div>\r\n\t\t\t\t\t\t\t\t\t\t\t\t\t\t<h3 class=\"grve-team-name grve-text-hover-primary-1 grve-h5\">Renato Santos<\/h3>\r\n\t\t\t\t\t\t\t\t\t\t\t\t\t\t\t\t\t\t\t\t\t<p><a style=\"color: black; font-weight: 600;\" href=\"tel:+351215836290\">+351 215 836 290<\/a><br \/><a style=\"color: black; font-weight: 600;\" href=\"mailto:renato.santos@avex.pt\">renato.santos@avex.pt<\/a><\/p>\r\n\t\t\t\t\t\t\t\t\t\t\t\t\t<\/div>\r\n\t\t\t\t\t\t\t\t\t\t\t<\/div>\r\n\t\t\t\t<\/figcaption>\r\n\t\t\t<\/figure>\r\n\t\t<\/div>\r\n\t\t\r\n\t\t[\/vc_column][\/vc_row][vc_row][vc_column width=\u00a0\u00bb1\/3&Prime;]\r\n\t\t\t\t<div class=\"grve-team grve-element grve-style-1 grve-animated-item grve-zoomIn\" style=\"margin-bottom: 40px;\" data-delay=\"1000\">\r\n\t\t\t<figure class=\"grve-image-hover\">\r\n\t\t\t\t<div class=\"grve-team-person grve-media\">\r\n\t\t\t\t\t\t\t\t\t<img loading=\"lazy\" decoding=\"async\" width=\"1024\" height=\"683\" src=\"https:\/\/avex.pt\/wp-content\/uploads\/2025\/07\/Rui-Silva.jpg\" class=\"attachment-large size-large\" alt=\"\" srcset=\"https:\/\/avex.pt\/wp-content\/uploads\/2025\/07\/Rui-Silva.jpg 1024w, https:\/\/avex.pt\/wp-content\/uploads\/2025\/07\/Rui-Silva-300x200.jpg 300w, https:\/\/avex.pt\/wp-content\/uploads\/2025\/07\/Rui-Silva-768x512.jpg 768w\" sizes=\"auto, (max-width: 1024px) 100vw, 1024px\" \/>\t\t\t\t\t\t\t\t<\/div>\r\n\t\t\t\t<figcaption>\r\n\t\t\t\t\t<div class=\"grve-team-content\">\r\n\t\t\t\t\t\t<div class=\"grve-team-description grve-align-left\">\r\n\t\t\t\t\t\t\t<div class=\"grve-team-identity grve-subtitle\">Purchaser<\/div>\r\n\t\t\t\t\t\t\t\t\t\t\t\t\t\t<h3 class=\"grve-team-name grve-text-hover-primary-1 grve-h5\">Rui Silva<\/h3>\r\n\t\t\t\t\t\t\t\t\t\t\t\t\t\t\t\t\t\t\t\t\t<p><a style=\"color: black; font-weight: 600;\" href=\"tel:+351215806171%E2%80%AC\">+351 215 806 171<\/a><br \/><a style=\"color: black; font-weight: 600;\" href=\"mailto:rui.silva@avex.pt\">rui.silva@avex.pt<\/a><\/p>\r\n\t\t\t\t\t\t\t\t\t\t\t\t\t<\/div>\r\n\t\t\t\t\t\t\t\t\t\t\t<\/div>\r\n\t\t\t\t<\/figcaption>\r\n\t\t\t<\/figure>\r\n\t\t<\/div>\r\n\t\t\r\n\t\t[\/vc_column][vc_column width=\u00a0\u00bb1\/3&Prime;][\/vc_column][vc_column width=\u00a0\u00bb1\/3&Prime;]\r\n\t\t\t\t<div class=\"grve-team grve-element grve-style-1 grve-animated-item grve-zoomIn\" style=\"margin-bottom: 40px;\" data-delay=\"1000\">\r\n\t\t\t<figure class=\"grve-image-hover\">\r\n\t\t\t\t<div class=\"grve-team-person grve-media\">\r\n\t\t\t\t\t\t\t\t\t<img loading=\"lazy\" decoding=\"async\" width=\"649\" height=\"432\" src=\"https:\/\/avex.pt\/wp-content\/uploads\/2019\/04\/Platzhalterbild-AVEX-Automotive-Verkauf-von-Neuwagen-und-Tageszulassungen-an-Ha\u0308ndler.jpg\" class=\"attachment-large size-large\" alt=\"\" srcset=\"https:\/\/avex.pt\/wp-content\/uploads\/2019\/04\/Platzhalterbild-AVEX-Automotive-Verkauf-von-Neuwagen-und-Tageszulassungen-an-Ha\u0308ndler.jpg 649w, https:\/\/avex.pt\/wp-content\/uploads\/2019\/04\/Platzhalterbild-AVEX-Automotive-Verkauf-von-Neuwagen-und-Tageszulassungen-an-Ha\u0308ndler-600x399.jpg 600w, https:\/\/avex.pt\/wp-content\/uploads\/2019\/04\/Platzhalterbild-AVEX-Automotive-Verkauf-von-Neuwagen-und-Tageszulassungen-an-Ha\u0308ndler-300x200.jpg 300w\" sizes=\"auto, (max-width: 649px) 100vw, 649px\" \/>\t\t\t\t\t\t\t\t<\/div>\r\n\t\t\t\t<figcaption>\r\n\t\t\t\t\t<div class=\"grve-team-content\">\r\n\t\t\t\t\t\t<div class=\"grve-team-description grve-align-left\">\r\n\t\t\t\t\t\t\t<div class=\"grve-team-identity grve-subtitle\">Sales<\/div>\r\n\t\t\t\t\t\t\t\t\t\t\t\t\t\t<h3 class=\"grve-team-name grve-text-hover-primary-1 grve-h5\">Peut-\u00eatre vous ?<\/h3>\r\n\t\t\t\t\t\t\t\t\t\t\t\t\t\t\t\t\t\t\t\t\t<p>Nous recherchons r\u00e9guli\u00e8rement de nouveaux collaborateurs pour notre service commercial en pleine expansion. <a style=\"cor: preto; peso da fonte: 600;\" href=\"mailto:info@avex.pt\">Postuler<\/a> N&rsquo;h\u00e9sitez pas \u00e0 postuler.<\/p>\r\n\t\t\t\t\t\t\t\t\t\t\t\t\t<\/div>\r\n\t\t\t\t\t\t\t\t\t\t\t<\/div>\r\n\t\t\t\t<\/figcaption>\r\n\t\t\t<\/figure>\r\n\t\t<\/div>\r\n\t\t\r\n\t\t[\/vc_column][\/vc_row][vc_row padding_top=\u00a0\u00bb180&Prime; padding_bottom=\u00a0\u00bb100&Prime; margin_bottom=\u00a0\u00bb0&Prime;][vc_column]<div class=\"grve-element grve-slogan grve-align-center grve-animated-item grve-fadeInUp\" style=\"\" data-delay=\"200\"><h2 class=\"grve-slogan-title grve-align-center grve-h2\"><span style=\"font-size: 140%; line-height: 1.120em;\">Notre \u00e9quipe en Allemagne<\/span><\/h2><\/div>[\/vc_column][vc_column][vc_empty_space height=\u00a0\u00bb60&Prime;][\/vc_column][vc_column width=\u00a0\u00bb1\/3&Prime;]\r\n\t\t\t\t<div class=\"grve-team grve-element grve-style-1 grve-animated-item grve-zoomIn\" style=\"margin-bottom: 40px;\" data-delay=\"400\">\r\n\t\t\t<figure class=\"grve-image-hover\">\r\n\t\t\t\t<div class=\"grve-team-person grve-media\">\r\n\t\t\t\t\t\t\t\t\t<img loading=\"lazy\" decoding=\"async\" width=\"649\" height=\"432\" src=\"https:\/\/avex.pt\/wp-content\/uploads\/2019\/04\/Platzhalterbild-AVEX-Automotive-Verkauf-von-Neuwagen-und-Tageszulassungen-an-Ha\u0308ndler.jpg\" class=\"attachment-large size-large\" alt=\"\" srcset=\"https:\/\/avex.pt\/wp-content\/uploads\/2019\/04\/Platzhalterbild-AVEX-Automotive-Verkauf-von-Neuwagen-und-Tageszulassungen-an-Ha\u0308ndler.jpg 649w, https:\/\/avex.pt\/wp-content\/uploads\/2019\/04\/Platzhalterbild-AVEX-Automotive-Verkauf-von-Neuwagen-und-Tageszulassungen-an-Ha\u0308ndler-600x399.jpg 600w, https:\/\/avex.pt\/wp-content\/uploads\/2019\/04\/Platzhalterbild-AVEX-Automotive-Verkauf-von-Neuwagen-und-Tageszulassungen-an-Ha\u0308ndler-300x200.jpg 300w\" sizes=\"auto, (max-width: 649px) 100vw, 649px\" \/>\t\t\t\t\t\t\t\t<\/div>\r\n\t\t\t\t<figcaption>\r\n\t\t\t\t\t<div class=\"grve-team-content\">\r\n\t\t\t\t\t\t<div class=\"grve-team-description grve-align-left\">\r\n\t\t\t\t\t\t\t<div class=\"grve-team-identity grve-subtitle\">Managing Director<\/div>\r\n\t\t\t\t\t\t\t\t\t\t\t\t\t\t<h3 class=\"grve-team-name grve-text-hover-primary-1 grve-h5\">Thomas Junggaard<\/h3>\r\n\t\t\t\t\t\t\t\t\t\t\t\t\t\t\t\t\t\t\t\t<\/div>\r\n\t\t\t\t\t\t\t\t\t\t\t<\/div>\r\n\t\t\t\t<\/figcaption>\r\n\t\t\t<\/figure>\r\n\t\t<\/div>\r\n\t\t\r\n\t\t[\/vc_column][vc_column width=\u00a0\u00bb1\/3&Prime;]\r\n\t\t\t\t<div class=\"grve-team grve-element grve-style-1 grve-animated-item grve-zoomIn\" style=\"margin-bottom: 40px;\" data-delay=\"800\">\r\n\t\t\t<figure class=\"grve-image-hover\">\r\n\t\t\t\t<div class=\"grve-team-person grve-media\">\r\n\t\t\t\t\t\t\t\t\t<img loading=\"lazy\" decoding=\"async\" width=\"649\" height=\"432\" src=\"https:\/\/avex.pt\/wp-content\/uploads\/2019\/04\/Platzhalterbild-AVEX-Automotive-Verkauf-von-Neuwagen-und-Tageszulassungen-an-Ha\u0308ndler.jpg\" class=\"attachment-large size-large\" alt=\"\" srcset=\"https:\/\/avex.pt\/wp-content\/uploads\/2019\/04\/Platzhalterbild-AVEX-Automotive-Verkauf-von-Neuwagen-und-Tageszulassungen-an-Ha\u0308ndler.jpg 649w, https:\/\/avex.pt\/wp-content\/uploads\/2019\/04\/Platzhalterbild-AVEX-Automotive-Verkauf-von-Neuwagen-und-Tageszulassungen-an-Ha\u0308ndler-600x399.jpg 600w, https:\/\/avex.pt\/wp-content\/uploads\/2019\/04\/Platzhalterbild-AVEX-Automotive-Verkauf-von-Neuwagen-und-Tageszulassungen-an-Ha\u0308ndler-300x200.jpg 300w\" sizes=\"auto, (max-width: 649px) 100vw, 649px\" \/>\t\t\t\t\t\t\t\t<\/div>\r\n\t\t\t\t<figcaption>\r\n\t\t\t\t\t<div class=\"grve-team-content\">\r\n\t\t\t\t\t\t<div class=\"grve-team-description grve-align-left\">\r\n\t\t\t\t\t\t\t<div class=\"grve-team-identity grve-subtitle\">Managing Director<\/div>\r\n\t\t\t\t\t\t\t\t\t\t\t\t\t\t<h3 class=\"grve-team-name grve-text-hover-primary-1 grve-h5\">Johann Schad<\/h3>\r\n\t\t\t\t\t\t\t\t\t\t\t\t\t\t\t\t\t\t\t\t<\/div>\r\n\t\t\t\t\t\t\t\t\t\t\t<\/div>\r\n\t\t\t\t<\/figcaption>\r\n\t\t\t<\/figure>\r\n\t\t<\/div>\r\n\t\t\r\n\t\t[\/vc_column][vc_column width=\u00a0\u00bb1\/3&Prime;]\r\n\t\t\t\t<div class=\"grve-team grve-element grve-style-1 grve-animated-item grve-zoomIn\" style=\"margin-bottom: 40px;\" data-delay=\"800\">\r\n\t\t\t<figure class=\"grve-image-hover\">\r\n\t\t\t\t<div class=\"grve-team-person grve-media\">\r\n\t\t\t\t\t\t\t\t\t<img loading=\"lazy\" decoding=\"async\" width=\"649\" height=\"432\" src=\"https:\/\/avex.pt\/wp-content\/uploads\/2019\/04\/Platzhalterbild-AVEX-Automotive-Verkauf-von-Neuwagen-und-Tageszulassungen-an-Ha\u0308ndler.jpg\" class=\"attachment-large size-large\" alt=\"\" srcset=\"https:\/\/avex.pt\/wp-content\/uploads\/2019\/04\/Platzhalterbild-AVEX-Automotive-Verkauf-von-Neuwagen-und-Tageszulassungen-an-Ha\u0308ndler.jpg 649w, https:\/\/avex.pt\/wp-content\/uploads\/2019\/04\/Platzhalterbild-AVEX-Automotive-Verkauf-von-Neuwagen-und-Tageszulassungen-an-Ha\u0308ndler-600x399.jpg 600w, https:\/\/avex.pt\/wp-content\/uploads\/2019\/04\/Platzhalterbild-AVEX-Automotive-Verkauf-von-Neuwagen-und-Tageszulassungen-an-Ha\u0308ndler-300x200.jpg 300w\" sizes=\"auto, (max-width: 649px) 100vw, 649px\" \/>\t\t\t\t\t\t\t\t<\/div>\r\n\t\t\t\t<figcaption>\r\n\t\t\t\t\t<div class=\"grve-team-content\">\r\n\t\t\t\t\t\t<div class=\"grve-team-description grve-align-left\">\r\n\t\t\t\t\t\t\t<div class=\"grve-team-identity grve-subtitle\">Disposition Logistics<\/div>\r\n\t\t\t\t\t\t\t\t\t\t\t\t\t\t<h3 class=\"grve-team-name grve-text-hover-primary-1 grve-h5\">Lena Hanebutt<\/h3>\r\n\t\t\t\t\t\t\t\t\t\t\t\t\t\t\t\t\t\t\t\t<\/div>\r\n\t\t\t\t\t\t\t\t\t\t\t<\/div>\r\n\t\t\t\t<\/figcaption>\r\n\t\t\t<\/figure>\r\n\t\t<\/div>\r\n\t\t\r\n\t\t[\/vc_column][\/vc_row][vc_row][vc_column width=\u00a0\u00bb1\/3&Prime;]\r\n\t\t\t\t<div class=\"grve-team grve-element grve-style-1 grve-animated-item grve-zoomIn\" style=\"margin-bottom: 40px;\" data-delay=\"800\">\r\n\t\t\t<figure class=\"grve-image-hover\">\r\n\t\t\t\t<div class=\"grve-team-person grve-media\">\r\n\t\t\t\t\t\t\t\t\t<img loading=\"lazy\" decoding=\"async\" width=\"649\" height=\"432\" src=\"https:\/\/avex.pt\/wp-content\/uploads\/2019\/04\/Platzhalterbild-AVEX-Automotive-Verkauf-von-Neuwagen-und-Tageszulassungen-an-Ha\u0308ndler.jpg\" class=\"attachment-large size-large\" alt=\"\" srcset=\"https:\/\/avex.pt\/wp-content\/uploads\/2019\/04\/Platzhalterbild-AVEX-Automotive-Verkauf-von-Neuwagen-und-Tageszulassungen-an-Ha\u0308ndler.jpg 649w, https:\/\/avex.pt\/wp-content\/uploads\/2019\/04\/Platzhalterbild-AVEX-Automotive-Verkauf-von-Neuwagen-und-Tageszulassungen-an-Ha\u0308ndler-600x399.jpg 600w, https:\/\/avex.pt\/wp-content\/uploads\/2019\/04\/Platzhalterbild-AVEX-Automotive-Verkauf-von-Neuwagen-und-Tageszulassungen-an-Ha\u0308ndler-300x200.jpg 300w\" sizes=\"auto, (max-width: 649px) 100vw, 649px\" \/>\t\t\t\t\t\t\t\t<\/div>\r\n\t\t\t\t<figcaption>\r\n\t\t\t\t\t<div class=\"grve-team-content\">\r\n\t\t\t\t\t\t<div class=\"grve-team-description grve-align-left\">\r\n\t\t\t\t\t\t\t<div class=\"grve-team-identity grve-subtitle\">Disposition Logistics<\/div>\r\n\t\t\t\t\t\t\t\t\t\t\t\t\t\t<h3 class=\"grve-team-name grve-text-hover-primary-1 grve-h5\">Mark Bruhse<\/h3>\r\n\t\t\t\t\t\t\t\t\t\t\t\t\t\t\t\t\t\t\t\t<\/div>\r\n\t\t\t\t\t\t\t\t\t\t\t<\/div>\r\n\t\t\t\t<\/figcaption>\r\n\t\t\t<\/figure>\r\n\t\t<\/div>\r\n\t\t\r\n\t\t[\/vc_column][vc_column width=\u00a0\u00bb1\/3&Prime;]\r\n\t\t\t\t<div class=\"grve-team grve-element grve-style-1 grve-animated-item grve-zoomIn\" style=\"margin-bottom: 40px;\" data-delay=\"400\">\r\n\t\t\t<figure class=\"grve-image-hover\">\r\n\t\t\t\t<div class=\"grve-team-person grve-media\">\r\n\t\t\t\t\t\t\t\t\t<img loading=\"lazy\" decoding=\"async\" width=\"649\" height=\"432\" src=\"https:\/\/avex.pt\/wp-content\/uploads\/2019\/04\/Platzhalterbild-AVEX-Automotive-Verkauf-von-Neuwagen-und-Tageszulassungen-an-Ha\u0308ndler.jpg\" class=\"attachment-large size-large\" alt=\"\" srcset=\"https:\/\/avex.pt\/wp-content\/uploads\/2019\/04\/Platzhalterbild-AVEX-Automotive-Verkauf-von-Neuwagen-und-Tageszulassungen-an-Ha\u0308ndler.jpg 649w, https:\/\/avex.pt\/wp-content\/uploads\/2019\/04\/Platzhalterbild-AVEX-Automotive-Verkauf-von-Neuwagen-und-Tageszulassungen-an-Ha\u0308ndler-600x399.jpg 600w, https:\/\/avex.pt\/wp-content\/uploads\/2019\/04\/Platzhalterbild-AVEX-Automotive-Verkauf-von-Neuwagen-und-Tageszulassungen-an-Ha\u0308ndler-300x200.jpg 300w\" sizes=\"auto, (max-width: 649px) 100vw, 649px\" \/>\t\t\t\t\t\t\t\t<\/div>\r\n\t\t\t\t<figcaption>\r\n\t\t\t\t\t<div class=\"grve-team-content\">\r\n\t\t\t\t\t\t<div class=\"grve-team-description grve-align-left\">\r\n\t\t\t\t\t\t\t<div class=\"grve-team-identity grve-subtitle\">Disposition Logistics<\/div>\r\n\t\t\t\t\t\t\t\t\t\t\t\t\t\t<h3 class=\"grve-team-name grve-text-hover-primary-1 grve-h5\">Florian Vo\u00df<\/h3>\r\n\t\t\t\t\t\t\t\t\t\t\t\t\t\t\t\t\t\t\t\t<\/div>\r\n\t\t\t\t\t\t\t\t\t\t\t<\/div>\r\n\t\t\t\t<\/figcaption>\r\n\t\t\t<\/figure>\r\n\t\t<\/div>\r\n\t\t\r\n\t\t[\/vc_column][vc_column width=\u00a0\u00bb1\/3&Prime;]\r\n\t\t\t\t<div class=\"grve-team grve-element grve-style-1 grve-animated-item grve-zoomIn\" style=\"margin-bottom: 40px;\" data-delay=\"400\">\r\n\t\t\t<figure class=\"grve-image-hover\">\r\n\t\t\t\t<div class=\"grve-team-person grve-media\">\r\n\t\t\t\t\t\t\t\t\t<img loading=\"lazy\" decoding=\"async\" width=\"649\" height=\"432\" src=\"https:\/\/avex.pt\/wp-content\/uploads\/2019\/04\/Platzhalterbild-AVEX-Automotive-Verkauf-von-Neuwagen-und-Tageszulassungen-an-Ha\u0308ndler.jpg\" class=\"attachment-large size-large\" alt=\"\" srcset=\"https:\/\/avex.pt\/wp-content\/uploads\/2019\/04\/Platzhalterbild-AVEX-Automotive-Verkauf-von-Neuwagen-und-Tageszulassungen-an-Ha\u0308ndler.jpg 649w, https:\/\/avex.pt\/wp-content\/uploads\/2019\/04\/Platzhalterbild-AVEX-Automotive-Verkauf-von-Neuwagen-und-Tageszulassungen-an-Ha\u0308ndler-600x399.jpg 600w, https:\/\/avex.pt\/wp-content\/uploads\/2019\/04\/Platzhalterbild-AVEX-Automotive-Verkauf-von-Neuwagen-und-Tageszulassungen-an-Ha\u0308ndler-300x200.jpg 300w\" sizes=\"auto, (max-width: 649px) 100vw, 649px\" \/>\t\t\t\t\t\t\t\t<\/div>\r\n\t\t\t\t<figcaption>\r\n\t\t\t\t\t<div class=\"grve-team-content\">\r\n\t\t\t\t\t\t<div class=\"grve-team-description grve-align-left\">\r\n\t\t\t\t\t\t\t<div class=\"grve-team-identity grve-subtitle\">IT &amp; Marketing<\/div>\r\n\t\t\t\t\t\t\t\t\t\t\t\t\t\t<h3 class=\"grve-team-name grve-text-hover-primary-1 grve-h5\">Hakon von Maydell<\/h3>\r\n\t\t\t\t\t\t\t\t\t\t\t\t\t\t\t\t\t\t\t\t<\/div>\r\n\t\t\t\t\t\t\t\t\t\t\t<\/div>\r\n\t\t\t\t<\/figcaption>\r\n\t\t\t<\/figure>\r\n\t\t<\/div>\r\n\t\t\r\n\t\t[\/vc_column][\/vc_row][vc_row][vc_column width=\u00a0\u00bb1\/3&Prime;]\r\n\t\t\t\t<div class=\"grve-team grve-element grve-style-1 grve-animated-item grve-zoomIn\" style=\"margin-bottom: 40px;\" data-delay=\"800\">\r\n\t\t\t<figure class=\"grve-image-hover\">\r\n\t\t\t\t<div class=\"grve-team-person grve-media\">\r\n\t\t\t\t\t\t\t\t\t<img loading=\"lazy\" decoding=\"async\" width=\"649\" height=\"432\" src=\"https:\/\/avex.pt\/wp-content\/uploads\/2019\/04\/Platzhalterbild-AVEX-Automotive-Verkauf-von-Neuwagen-und-Tageszulassungen-an-Ha\u0308ndler.jpg\" class=\"attachment-large size-large\" alt=\"\" srcset=\"https:\/\/avex.pt\/wp-content\/uploads\/2019\/04\/Platzhalterbild-AVEX-Automotive-Verkauf-von-Neuwagen-und-Tageszulassungen-an-Ha\u0308ndler.jpg 649w, https:\/\/avex.pt\/wp-content\/uploads\/2019\/04\/Platzhalterbild-AVEX-Automotive-Verkauf-von-Neuwagen-und-Tageszulassungen-an-Ha\u0308ndler-600x399.jpg 600w, https:\/\/avex.pt\/wp-content\/uploads\/2019\/04\/Platzhalterbild-AVEX-Automotive-Verkauf-von-Neuwagen-und-Tageszulassungen-an-Ha\u0308ndler-300x200.jpg 300w\" sizes=\"auto, (max-width: 649px) 100vw, 649px\" \/>\t\t\t\t\t\t\t\t<\/div>\r\n\t\t\t\t<figcaption>\r\n\t\t\t\t\t<div class=\"grve-team-content\">\r\n\t\t\t\t\t\t<div class=\"grve-team-description grve-align-left\">\r\n\t\t\t\t\t\t\t<div class=\"grve-team-identity grve-subtitle\">Sales<\/div>\r\n\t\t\t\t\t\t\t\t\t\t\t\t\t\t<h3 class=\"grve-team-name grve-text-hover-primary-1 grve-h5\">Ole Speckart<\/h3>\r\n\t\t\t\t\t\t\t\t\t\t\t\t\t\t\t\t\t\t\t\t<\/div>\r\n\t\t\t\t\t\t\t\t\t\t\t<\/div>\r\n\t\t\t\t<\/figcaption>\r\n\t\t\t<\/figure>\r\n\t\t<\/div>\r\n\t\t\r\n\t\t[\/vc_column][vc_column width=\u00a0\u00bb1\/3&Prime;]\r\n\t\t\t\t<div class=\"grve-team grve-element grve-style-1 grve-animated-item grve-zoomIn\" style=\"\" data-delay=\"600\">\r\n\t\t\t<figure class=\"grve-image-hover\">\r\n\t\t\t\t<div class=\"grve-team-person grve-media\">\r\n\t\t\t\t\t\t\t\t\t<img loading=\"lazy\" decoding=\"async\" width=\"649\" height=\"432\" src=\"https:\/\/avex.pt\/wp-content\/uploads\/2019\/04\/Platzhalterbild-AVEX-Automotive-Verkauf-von-Neuwagen-und-Tageszulassungen-an-Ha\u0308ndler.jpg\" class=\"attachment-large size-large\" alt=\"\" srcset=\"https:\/\/avex.pt\/wp-content\/uploads\/2019\/04\/Platzhalterbild-AVEX-Automotive-Verkauf-von-Neuwagen-und-Tageszulassungen-an-Ha\u0308ndler.jpg 649w, https:\/\/avex.pt\/wp-content\/uploads\/2019\/04\/Platzhalterbild-AVEX-Automotive-Verkauf-von-Neuwagen-und-Tageszulassungen-an-Ha\u0308ndler-600x399.jpg 600w, https:\/\/avex.pt\/wp-content\/uploads\/2019\/04\/Platzhalterbild-AVEX-Automotive-Verkauf-von-Neuwagen-und-Tageszulassungen-an-Ha\u0308ndler-300x200.jpg 300w\" sizes=\"auto, (max-width: 649px) 100vw, 649px\" \/>\t\t\t\t\t\t\t\t<\/div>\r\n\t\t\t\t<figcaption>\r\n\t\t\t\t\t<div class=\"grve-team-content\">\r\n\t\t\t\t\t\t<div class=\"grve-team-description grve-align-left\">\r\n\t\t\t\t\t\t\t<div class=\"grve-team-identity grve-subtitle\">Sales<\/div>\r\n\t\t\t\t\t\t\t\t\t\t\t\t\t\t<h3 class=\"grve-team-name grve-text-hover-primary-1 grve-h5\">Henning Becker<\/h3>\r\n\t\t\t\t\t\t\t\t\t\t\t\t\t\t\t\t\t\t\t\t<\/div>\r\n\t\t\t\t\t\t\t\t\t\t\t<\/div>\r\n\t\t\t\t<\/figcaption>\r\n\t\t\t<\/figure>\r\n\t\t<\/div>\r\n\t\t\r\n\t\t[\/vc_column][vc_column width=\u00a0\u00bb1\/3&Prime;]\r\n\t\t\t\t<div class=\"grve-team grve-element grve-style-1 grve-animated-item grve-zoomIn\" style=\"margin-bottom: 40px;\" data-delay=\"400\">\r\n\t\t\t<figure class=\"grve-image-hover\">\r\n\t\t\t\t<div class=\"grve-team-person grve-media\">\r\n\t\t\t\t\t\t\t\t\t<img loading=\"lazy\" decoding=\"async\" width=\"649\" height=\"432\" src=\"https:\/\/avex.pt\/wp-content\/uploads\/2019\/04\/Platzhalterbild-AVEX-Automotive-Verkauf-von-Neuwagen-und-Tageszulassungen-an-Ha\u0308ndler.jpg\" class=\"attachment-large size-large\" alt=\"\" srcset=\"https:\/\/avex.pt\/wp-content\/uploads\/2019\/04\/Platzhalterbild-AVEX-Automotive-Verkauf-von-Neuwagen-und-Tageszulassungen-an-Ha\u0308ndler.jpg 649w, https:\/\/avex.pt\/wp-content\/uploads\/2019\/04\/Platzhalterbild-AVEX-Automotive-Verkauf-von-Neuwagen-und-Tageszulassungen-an-Ha\u0308ndler-600x399.jpg 600w, https:\/\/avex.pt\/wp-content\/uploads\/2019\/04\/Platzhalterbild-AVEX-Automotive-Verkauf-von-Neuwagen-und-Tageszulassungen-an-Ha\u0308ndler-300x200.jpg 300w\" sizes=\"auto, (max-width: 649px) 100vw, 649px\" \/>\t\t\t\t\t\t\t\t<\/div>\r\n\t\t\t\t<figcaption>\r\n\t\t\t\t\t<div class=\"grve-team-content\">\r\n\t\t\t\t\t\t<div class=\"grve-team-description grve-align-left\">\r\n\t\t\t\t\t\t\t<div class=\"grve-team-identity grve-subtitle\">Sales<\/div>\r\n\t\t\t\t\t\t\t\t\t\t\t\t\t\t<h3 class=\"grve-team-name grve-text-hover-primary-1 grve-h5\">Torsten Ahlf\u00e4nger<\/h3>\r\n\t\t\t\t\t\t\t\t\t\t\t\t\t\t\t\t\t\t\t\t<\/div>\r\n\t\t\t\t\t\t\t\t\t\t\t<\/div>\r\n\t\t\t\t<\/figcaption>\r\n\t\t\t<\/figure>\r\n\t\t<\/div>\r\n\t\t\r\n\t\t[\/vc_column][\/vc_row][vc_row][vc_column width=\u00a0\u00bb1\/3&Prime;]\r\n\t\t\t\t<div class=\"grve-team grve-element grve-style-1 grve-animated-item grve-zoomIn\" style=\"margin-bottom: 40px;\" data-delay=\"800\">\r\n\t\t\t<figure class=\"grve-image-hover\">\r\n\t\t\t\t<div class=\"grve-team-person grve-media\">\r\n\t\t\t\t\t\t\t\t\t<img loading=\"lazy\" decoding=\"async\" width=\"649\" height=\"432\" src=\"https:\/\/avex.pt\/wp-content\/uploads\/2019\/04\/Platzhalterbild-AVEX-Automotive-Verkauf-von-Neuwagen-und-Tageszulassungen-an-Ha\u0308ndler.jpg\" class=\"attachment-large size-large\" alt=\"\" srcset=\"https:\/\/avex.pt\/wp-content\/uploads\/2019\/04\/Platzhalterbild-AVEX-Automotive-Verkauf-von-Neuwagen-und-Tageszulassungen-an-Ha\u0308ndler.jpg 649w, https:\/\/avex.pt\/wp-content\/uploads\/2019\/04\/Platzhalterbild-AVEX-Automotive-Verkauf-von-Neuwagen-und-Tageszulassungen-an-Ha\u0308ndler-600x399.jpg 600w, https:\/\/avex.pt\/wp-content\/uploads\/2019\/04\/Platzhalterbild-AVEX-Automotive-Verkauf-von-Neuwagen-und-Tageszulassungen-an-Ha\u0308ndler-300x200.jpg 300w\" sizes=\"auto, (max-width: 649px) 100vw, 649px\" \/>\t\t\t\t\t\t\t\t<\/div>\r\n\t\t\t\t<figcaption>\r\n\t\t\t\t\t<div class=\"grve-team-content\">\r\n\t\t\t\t\t\t<div class=\"grve-team-description grve-align-left\">\r\n\t\t\t\t\t\t\t<div class=\"grve-team-identity grve-subtitle\">Sales<\/div>\r\n\t\t\t\t\t\t\t\t\t\t\t\t\t\t<h3 class=\"grve-team-name grve-text-hover-primary-1 grve-h5\">Sascha Rowghani<\/h3>\r\n\t\t\t\t\t\t\t\t\t\t\t\t\t\t\t\t\t\t\t\t<\/div>\r\n\t\t\t\t\t\t\t\t\t\t\t<\/div>\r\n\t\t\t\t<\/figcaption>\r\n\t\t\t<\/figure>\r\n\t\t<\/div>\r\n\t\t\r\n\t\t[\/vc_column][vc_column width=\u00a0\u00bb1\/3&Prime;]\r\n\t\t\t\t<div class=\"grve-team grve-element grve-style-1 grve-animated-item grve-zoomIn\" style=\"\" data-delay=\"600\">\r\n\t\t\t<figure class=\"grve-image-hover\">\r\n\t\t\t\t<div class=\"grve-team-person grve-media\">\r\n\t\t\t\t\t\t\t\t\t<img loading=\"lazy\" decoding=\"async\" width=\"649\" height=\"432\" src=\"https:\/\/avex.pt\/wp-content\/uploads\/2019\/04\/Platzhalterbild-AVEX-Automotive-Verkauf-von-Neuwagen-und-Tageszulassungen-an-Ha\u0308ndler.jpg\" class=\"attachment-large size-large\" alt=\"\" srcset=\"https:\/\/avex.pt\/wp-content\/uploads\/2019\/04\/Platzhalterbild-AVEX-Automotive-Verkauf-von-Neuwagen-und-Tageszulassungen-an-Ha\u0308ndler.jpg 649w, https:\/\/avex.pt\/wp-content\/uploads\/2019\/04\/Platzhalterbild-AVEX-Automotive-Verkauf-von-Neuwagen-und-Tageszulassungen-an-Ha\u0308ndler-600x399.jpg 600w, https:\/\/avex.pt\/wp-content\/uploads\/2019\/04\/Platzhalterbild-AVEX-Automotive-Verkauf-von-Neuwagen-und-Tageszulassungen-an-Ha\u0308ndler-300x200.jpg 300w\" sizes=\"auto, (max-width: 649px) 100vw, 649px\" \/>\t\t\t\t\t\t\t\t<\/div>\r\n\t\t\t\t<figcaption>\r\n\t\t\t\t\t<div class=\"grve-team-content\">\r\n\t\t\t\t\t\t<div class=\"grve-team-description grve-align-left\">\r\n\t\t\t\t\t\t\t<div class=\"grve-team-identity grve-subtitle\">Sales<\/div>\r\n\t\t\t\t\t\t\t\t\t\t\t\t\t\t<h3 class=\"grve-team-name grve-text-hover-primary-1 grve-h5\">Adam Nadolny<\/h3>\r\n\t\t\t\t\t\t\t\t\t\t\t\t\t\t\t\t\t\t\t\t<\/div>\r\n\t\t\t\t\t\t\t\t\t\t\t<\/div>\r\n\t\t\t\t<\/figcaption>\r\n\t\t\t<\/figure>\r\n\t\t<\/div>\r\n\t\t\r\n\t\t[\/vc_column][vc_column width=\u00a0\u00bb1\/3&Prime;]\r\n\t\t\t\t<div class=\"grve-team grve-element grve-style-1 grve-animated-item grve-zoomIn\" style=\"margin-bottom: 40px;\" data-delay=\"800\">\r\n\t\t\t<figure class=\"grve-image-hover\">\r\n\t\t\t\t<div class=\"grve-team-person grve-media\">\r\n\t\t\t\t\t\t\t\t\t<img loading=\"lazy\" decoding=\"async\" width=\"649\" height=\"432\" src=\"https:\/\/avex.pt\/wp-content\/uploads\/2019\/04\/Platzhalterbild-AVEX-Automotive-Verkauf-von-Neuwagen-und-Tageszulassungen-an-Ha\u0308ndler.jpg\" class=\"attachment-large size-large\" alt=\"\" srcset=\"https:\/\/avex.pt\/wp-content\/uploads\/2019\/04\/Platzhalterbild-AVEX-Automotive-Verkauf-von-Neuwagen-und-Tageszulassungen-an-Ha\u0308ndler.jpg 649w, https:\/\/avex.pt\/wp-content\/uploads\/2019\/04\/Platzhalterbild-AVEX-Automotive-Verkauf-von-Neuwagen-und-Tageszulassungen-an-Ha\u0308ndler-600x399.jpg 600w, https:\/\/avex.pt\/wp-content\/uploads\/2019\/04\/Platzhalterbild-AVEX-Automotive-Verkauf-von-Neuwagen-und-Tageszulassungen-an-Ha\u0308ndler-300x200.jpg 300w\" sizes=\"auto, (max-width: 649px) 100vw, 649px\" \/>\t\t\t\t\t\t\t\t<\/div>\r\n\t\t\t\t<figcaption>\r\n\t\t\t\t\t<div class=\"grve-team-content\">\r\n\t\t\t\t\t\t<div class=\"grve-team-description grve-align-left\">\r\n\t\t\t\t\t\t\t<div class=\"grve-team-identity grve-subtitle\">Sales<\/div>\r\n\t\t\t\t\t\t\t\t\t\t\t\t\t\t<h3 class=\"grve-team-name grve-text-hover-primary-1 grve-h5\">Jan-Eric Schmoll<\/h3>\r\n\t\t\t\t\t\t\t\t\t\t\t\t\t\t\t\t\t\t\t\t<\/div>\r\n\t\t\t\t\t\t\t\t\t\t\t<\/div>\r\n\t\t\t\t<\/figcaption>\r\n\t\t\t<\/figure>\r\n\t\t<\/div>\r\n\t\t\r\n\t\t[\/vc_column][\/vc_row][vc_row][vc_column width=\u00a0\u00bb1\/3&Prime;][\/vc_column][vc_column width=\u00a0\u00bb1\/3&Prime;]\r\n\t\t\t\t<div class=\"grve-team grve-element grve-style-1 grve-animated-item grve-zoomIn\" style=\"margin-bottom: 40px;\" data-delay=\"400\">\r\n\t\t\t<figure class=\"grve-image-hover\">\r\n\t\t\t\t<div class=\"grve-team-person grve-media\">\r\n\t\t\t\t\t\t\t\t\t<img loading=\"lazy\" decoding=\"async\" width=\"649\" height=\"432\" src=\"https:\/\/avex.pt\/wp-content\/uploads\/2019\/04\/Platzhalterbild-AVEX-Automotive-Verkauf-von-Neuwagen-und-Tageszulassungen-an-Ha\u0308ndler.jpg\" class=\"attachment-large size-large\" alt=\"\" srcset=\"https:\/\/avex.pt\/wp-content\/uploads\/2019\/04\/Platzhalterbild-AVEX-Automotive-Verkauf-von-Neuwagen-und-Tageszulassungen-an-Ha\u0308ndler.jpg 649w, https:\/\/avex.pt\/wp-content\/uploads\/2019\/04\/Platzhalterbild-AVEX-Automotive-Verkauf-von-Neuwagen-und-Tageszulassungen-an-Ha\u0308ndler-600x399.jpg 600w, https:\/\/avex.pt\/wp-content\/uploads\/2019\/04\/Platzhalterbild-AVEX-Automotive-Verkauf-von-Neuwagen-und-Tageszulassungen-an-Ha\u0308ndler-300x200.jpg 300w\" sizes=\"auto, (max-width: 649px) 100vw, 649px\" \/>\t\t\t\t\t\t\t\t<\/div>\r\n\t\t\t\t<figcaption>\r\n\t\t\t\t\t<div class=\"grve-team-content\">\r\n\t\t\t\t\t\t<div class=\"grve-team-description grve-align-left\">\r\n\t\t\t\t\t\t\t<div class=\"grve-team-identity grve-subtitle\">Purchasing Partner Nordic Countries<\/div>\r\n\t\t\t\t\t\t\t\t\t\t\t\t\t\t<h3 class=\"grve-team-name grve-text-hover-primary-1 grve-h5\">Nicolai Vedel<\/h3>\r\n\t\t\t\t\t\t\t\t\t\t\t\t\t\t\t\t\t\t\t\t<\/div>\r\n\t\t\t\t\t\t\t\t\t\t\t<\/div>\r\n\t\t\t\t<\/figcaption>\r\n\t\t\t<\/figure>\r\n\t\t<\/div>\r\n\t\t\r\n\t\t[\/vc_column][vc_column width=\u00a0\u00bb1\/3&Prime;][\/vc_column][\/vc_row][vc_row bg_type=\u00a0\u00bbimage\u00a0\u00bb bg_image=\u00a0\u00bb11047&Prime; bg_position=\u00a0\u00bbleft-center\u00a0\u00bb pattern_overlay=\u00a0\u00bbyes\u00a0\u00bb color_overlay=\u00a0\u00bbdark\u00a0\u00bb opacity_overlay=\u00a0\u00bb40&Prime; padding_top=\u00a0\u00bb200&Prime; padding_bottom=\u00a0\u00bb200&Prime; font_color=\u00a0\u00bb#ffffff\u00a0\u00bb margin_bottom=\u00a0\u00bb0&Prime;][vc_column css=\u00a0\u00bb.vc_custom_1706202809024{padding-right: 10% !important;padding-left: 10% !important;}\u00a0\u00bb]<div class=\"grve-element grve-typed-text grve-align-left grve-leader-text\" style=\"\">    <span class=\"grve-typed-text-prefix\"> L&#039;\u00e9quipe d&#039;AVEX Automotive -<\/span>    <span class=\"grve-animated-text grve-text-primary-1\">    \t<span id=\"grve-typed-item-69f5db80e45e2\"><\/span>    <\/span>    <span class=\"grve-typed-text-suffix\"> <\/span><script type=\"text\/javascript\">\r\n\t\t\t\tjQuery(function($){ $(\"#grve-typed-item-69f5db80e45e2\").typed({\r\n\t\t\t\t\tstrings: [\"Personne de contact comp\u00e9tente\",\"sp\u00e9cialiste des ventes automobiles B2B\",\"offres attrayantes pour nos clients\",\"travail dans toute l'Europe \u00e0 partir de Lisbonne.\"],\r\n\t\t\t\t\ttypeSpeed: 30,\r\n\t\t\t\t\tbackSpeed: 10,\r\n\t\t\t\t\tstartDelay: 30,\r\n\t\t\t\t\tbackDelay: 100,\r\n\t\t\t\t\tloop: true,\r\n\t\t\t\t\tloopCount: false,\r\n\t\t\t\t\tshowCursor: true,\r\n\t\t\t\t\tcursorChar: \"|\",\r\n\t\t\t\t\tcontentType: null,\r\n\t\t\t\t\tattr: null\r\n\t\t\t\t});\r\n\t\t\t});\r\n\t\t<\/script><\/div>[\/vc_column][\/vc_row][vc_row bg_type=\u00a0\u00bbcolor\u00a0\u00bb margin_bottom=\u00a0\u00bb0&Prime; bg_color=\u00a0\u00bb#ededed\u00a0\u00bb padding_top=\u00a0\u00bb10%\u00a0\u00bb padding_bottom=\u00a0\u00bb10%\u00a0\u00bb][vc_column width=\u00a0\u00bb1\/4&Prime;][vc_custom_heading text=\u00a0\u00bbFAQ\u00a0\u00bb font_container=\u00a0\u00bbtag:div|font_size:60|text_align:left|color:%23ff9933|line_height:83px\u00a0\u00bb css=\u00a0\u00bb.vc_custom_1550226106508{margin-bottom: 18px !important;}\u00a0\u00bb]<div class=\"grve-element grve-slogan grve-align-left\" style=\"\"><h2 class=\"grve-slogan-title grve-align-left grve-h3\"><span>questions fr\u00e9quemment pos\u00e9es<\/span><\/h2><\/div>[\/vc_column][vc_column width=\u00a0\u00bb3\/4&Prime;][vc_tta_accordion active_section=\u00a0\u00bb1&Prime;][vc_tta_section title=\u00a0\u00bbD&apos;O\u00d9 PROVIENNENT LES V\u00c9HICULES QUE NOUS LIVRONS ?\u00a0\u00bb tab_id=\u00a0\u00bb1442669368011-4ffdb702-44dd416a-97e4f4d7-a7475c0a-c39f\u00a0\u00bb][vc_column_text]Nous commandons g\u00e9n\u00e9ralement des v\u00e9hicules directement aupr\u00e8s d&rsquo;importateurs dans plusieurs pays europ\u00e9ens. Au fil des ann\u00e9es, nous avons r\u00e9ussi \u00e0 construire des relations commerciales solides et fiables avec plusieurs importateurs, chez qui nous commandons des v\u00e9hicules \u00e0 l&rsquo;avance &#8211; ce qui nous permet de garantir une livraison fiable et les plus gros rabais pour nos clients.[\/vc_column_text][\/vc_tta_section][vc_tta_section title=\u00a0\u00bbAVEX FAIT-ELLE L\u2019INTERM\u00c8DIATION DE V\u00c8HICULES?\u00a0\u00bb tab_id=\u00a0\u00bb1442669368038-55a783a8-99c0416a-97e4f4d7-a7475c0a-c39f\u00a0\u00bb][vc_column_text]Tous les v\u00e9hicules que nous proposons sont achet\u00e9s et vendus par nos soins, nous laissons le \u201d brokerage \u201d des v\u00e9hicules \u00e0 des tiers.[\/vc_column_text][\/vc_tta_section][vc_tta_section title=\u00a0\u00bbQUELS SONT LES D\u00c9LAIS DE LIVRAISON CHEZ AVEX?\u00a0\u00bb tab_id=\u00a0\u00bb1442669703789-0801e7f7-3855416a-97e4f4d7-a7475c0a-c39f\u00a0\u00bb][vc_column_text]Notre objectif est de livrer les v\u00e9hicules aux clients dans un d\u00e9lai de 10 jours apr\u00e8s la commande.[\/vc_column_text][\/vc_tta_section][vc_tta_section title=\u00a0\u00bbQUAND LES V\u00c9HICULES DOIVENT-ILS \u00caTRE PAY\u00c9S ?\u00a0\u00bb tab_id=\u00a0\u00bb1549891834451-5901eb23-0b40416a-97e4f4d7-a7475c0a-c39f\u00a0\u00bb][vc_column_text]Pour rendre le processus d&rsquo;achat aussi s\u00fbr et fiable que possible, nous livrons les v\u00e9hicules command\u00e9s \u00e0 nos clients et le paiement ne doit \u00eatre effectu\u00e9 que pendant le transport.[\/vc_column_text][\/vc_tta_section][vc_tta_section title=\u00a0\u00bbQUI PAIE LES FRAIS DE TRANSPORT?\u00a0\u00bb tab_id=\u00a0\u00bb1549891936673-3f34a78c-8da4416a-97e4f4d7-a7475c0a-c39f\u00a0\u00bb][vc_column_text]AVEX livre gratuitment les veh\u00edcules lorsqu\u2019un camion est n\u00e9goci\u00e9. Si un nombre inf\u00e9rieur de v\u00e9hicules est achet\u00e9, les frais de transport seront \u00e9valu\u00e9s au cas par cas.[\/vc_column_text][\/vc_tta_section][\/vc_tta_accordion][\/vc_column][\/vc_row]<\/p>\n","protected":false},"excerpt":{"rendered":"<p>[vc_row section_type=\u00a0\u00bbfullwidth\u00a0\u00bb section_full_height=\u00a0\u00bbfullheight\u00a0\u00bb header_feature=\u00a0\u00bbyes\u00a0\u00bb equal_column_height=\u00a0\u00bbmiddle-content\u00a0\u00bb][vc_column css=\u00a0\u00bb.vc_custom_1549906659484{padding-right: 12% !important;padding-left: 12% !important;}\u00a0\u00bb][\/vc_column][\/vc_row][vc_row heading_color=\u00a0\u00bbdark\u00a0\u00bb section_type=\u00a0\u00bbfullwidth\u00a0\u00bb bg_type=\u00a0\u00bbcolor\u00a0\u00bb equal_column_height=\u00a0\u00bbmiddle-content\u00a0\u00bb margin_bottom=\u00a0\u00bb0&Prime; section_id=\u00a0\u00bbabout\u00a0\u00bb][vc_column width=\u00a0\u00bb1\/2&Prime; css=\u00a0\u00bb.vc_custom_1706175329233{background-image: url(https:\/\/avex.pt\/wp-content\/uploads\/2024\/01\/0R2A7718.jpeg?id=15959) !important;background-position: center !important;background-repeat: no-repeat !important;background-size: cover !important;}\u00a0\u00bb][vc_empty_space height=\u00a0\u00bb500&Prime;][\/vc_column][vc_column width=\u00a0\u00bb1\/2&Prime; css=\u00a0\u00bb.vc_custom_1554888667449{padding-top: 8% !important;padding-right: 8% !important;padding-bottom: 8% !important;padding-left: 8% !important;}\u00a0\u00bb][\/vc_column][\/vc_row][vc_row section_type=\u00a0\u00bbfullwidth\u00a0\u00bb bg_type=\u00a0\u00bbcolor\u00a0\u00bb equal_column_height=\u00a0\u00bbmiddle-content\u00a0\u00bb margin_bottom=\u00a0\u00bb0&Prime;][vc_column width=\u00a0\u00bb1\/2&Prime; css=\u00a0\u00bb.vc_custom_1554888679847{padding-top: 8% !important;padding-right: 8% !important;padding-bottom: 8% !important;padding-left: 8% !important;background-position: center !important;background-repeat: no-repeat !important;background-size: [&hellip;]<\/p>\n","protected":false},"author":1,"featured_media":0,"parent":0,"menu_order":1,"comment_status":"closed","ping_status":"closed","template":"","meta":{"_acf_changed":false,"footnotes":""},"wf_page_folders":[537],"class_list":["post-16017","page","type-page","status-publish","hentry"],"acf":[],"yoast_head":"<!-- This site is optimized with the Yoast SEO plugin v26.6 - https:\/\/yoast.com\/wordpress\/plugins\/seo\/ -->\n<title>\u00c0 propos d&#039;AVEX - AVEX Automotive Portugal<\/title>\n<meta name=\"description\" content=\"Concessionnaire automobile B2B l V\u00e9hicules neufs et d&#039;occasion avec des marges de concessionnaires attrayantes l Grossiste international en v\u00e9hicules depuis l&#039;Allemagne\" \/>\n<meta name=\"robots\" content=\"index, follow, max-snippet:-1, max-image-preview:large, max-video-preview:-1\" \/>\n<link rel=\"canonical\" href=\"https:\/\/avex.pt\/fr\/a-propos-davex\/\" \/>\n<meta property=\"og:locale\" content=\"fr_FR\" \/>\n<meta property=\"og:type\" content=\"article\" \/>\n<meta property=\"og:title\" content=\"\u00c0 propos d&#039;AVEX - AVEX Automotive Portugal\" \/>\n<meta property=\"og:description\" content=\"Concessionnaire automobile B2B l V\u00e9hicules neufs et d&#039;occasion avec des marges de concessionnaires attrayantes l Grossiste international en v\u00e9hicules depuis l&#039;Allemagne\" \/>\n<meta property=\"og:url\" content=\"https:\/\/avex.pt\/fr\/a-propos-davex\/\" \/>\n<meta property=\"og:site_name\" content=\"AVEX Automotive Portugal\" \/>\n<meta property=\"article:modified_time\" content=\"2026-02-09T09:46:50+00:00\" \/>\n<meta name=\"twitter:card\" content=\"summary_large_image\" \/>\n<meta name=\"twitter:label1\" content=\"Dur\u00e9e de lecture estim\u00e9e\" \/>\n\t<meta name=\"twitter:data1\" content=\"10 minutes\" \/>\n<script type=\"application\/ld+json\" class=\"yoast-schema-graph\">{\"@context\":\"https:\/\/schema.org\",\"@graph\":[{\"@type\":\"WebPage\",\"@id\":\"https:\/\/avex.pt\/fr\/a-propos-davex\/\",\"url\":\"https:\/\/avex.pt\/fr\/a-propos-davex\/\",\"name\":\"\u00c0 propos d'AVEX - AVEX Automotive Portugal\",\"isPartOf\":{\"@id\":\"https:\/\/avex.pt\/fr\/#website\"},\"datePublished\":\"2016-01-22T00:39:56+00:00\",\"dateModified\":\"2026-02-09T09:46:50+00:00\",\"description\":\"Concessionnaire automobile B2B l V\u00e9hicules neufs et d'occasion avec des marges de concessionnaires attrayantes l Grossiste international en v\u00e9hicules depuis l'Allemagne\",\"breadcrumb\":{\"@id\":\"https:\/\/avex.pt\/fr\/a-propos-davex\/#breadcrumb\"},\"inLanguage\":\"fr-FR\",\"potentialAction\":[{\"@type\":\"ReadAction\",\"target\":[\"https:\/\/avex.pt\/fr\/a-propos-davex\/\"]}]},{\"@type\":\"BreadcrumbList\",\"@id\":\"https:\/\/avex.pt\/fr\/a-propos-davex\/#breadcrumb\",\"itemListElement\":[{\"@type\":\"ListItem\",\"position\":1,\"name\":\"Startseite\",\"item\":\"https:\/\/avex.pt\/fr\/start\/\"},{\"@type\":\"ListItem\",\"position\":2,\"name\":\"\u00c0 propos d&#8217;AVEX\"}]},{\"@type\":\"WebSite\",\"@id\":\"https:\/\/avex.pt\/fr\/#website\",\"url\":\"https:\/\/avex.pt\/fr\/\",\"name\":\"AVEX Automotive Portugal\",\"description\":\"Avex Automotive, Your reliable international wholesale Partner\",\"publisher\":{\"@id\":\"https:\/\/avex.pt\/fr\/#organization\"},\"potentialAction\":[{\"@type\":\"SearchAction\",\"target\":{\"@type\":\"EntryPoint\",\"urlTemplate\":\"https:\/\/avex.pt\/fr\/?s={search_term_string}\"},\"query-input\":{\"@type\":\"PropertyValueSpecification\",\"valueRequired\":true,\"valueName\":\"search_term_string\"}}],\"inLanguage\":\"fr-FR\"},{\"@type\":\"Organization\",\"@id\":\"https:\/\/avex.pt\/fr\/#organization\",\"name\":\"AVEX Automotive GmbH & Co. KG\",\"url\":\"https:\/\/avex.pt\/fr\/\",\"logo\":{\"@type\":\"ImageObject\",\"inLanguage\":\"fr-FR\",\"@id\":\"https:\/\/avex.pt\/fr\/#\/schema\/logo\/image\/\",\"url\":\"https:\/\/avex.pt\/wp-content\/uploads\/2024\/10\/Avex-Branding-logo.jpg\",\"contentUrl\":\"https:\/\/avex.pt\/wp-content\/uploads\/2024\/10\/Avex-Branding-logo.jpg\",\"width\":696,\"height\":696,\"caption\":\"AVEX Automotive GmbH & Co. KG\"},\"image\":{\"@id\":\"https:\/\/avex.pt\/fr\/#\/schema\/logo\/image\/\"},\"sameAs\":[\"https:\/\/de.linkedin.com\/company\/avex-automotive\"]}]}<\/script>\n<!-- \/ Yoast SEO plugin. -->","yoast_head_json":{"title":"\u00c0 propos d'AVEX - AVEX Automotive Portugal","description":"Concessionnaire automobile B2B l V\u00e9hicules neufs et d'occasion avec des marges de concessionnaires attrayantes l Grossiste international en v\u00e9hicules depuis l'Allemagne","robots":{"index":"index","follow":"follow","max-snippet":"max-snippet:-1","max-image-preview":"max-image-preview:large","max-video-preview":"max-video-preview:-1"},"canonical":"https:\/\/avex.pt\/fr\/a-propos-davex\/","og_locale":"fr_FR","og_type":"article","og_title":"\u00c0 propos d'AVEX - AVEX Automotive Portugal","og_description":"Concessionnaire automobile B2B l V\u00e9hicules neufs et d'occasion avec des marges de concessionnaires attrayantes l Grossiste international en v\u00e9hicules depuis l'Allemagne","og_url":"https:\/\/avex.pt\/fr\/a-propos-davex\/","og_site_name":"AVEX Automotive Portugal","article_modified_time":"2026-02-09T09:46:50+00:00","twitter_card":"summary_large_image","twitter_misc":{"Dur\u00e9e de lecture estim\u00e9e":"10 minutes"},"schema":{"@context":"https:\/\/schema.org","@graph":[{"@type":"WebPage","@id":"https:\/\/avex.pt\/fr\/a-propos-davex\/","url":"https:\/\/avex.pt\/fr\/a-propos-davex\/","name":"\u00c0 propos d'AVEX - AVEX Automotive Portugal","isPartOf":{"@id":"https:\/\/avex.pt\/fr\/#website"},"datePublished":"2016-01-22T00:39:56+00:00","dateModified":"2026-02-09T09:46:50+00:00","description":"Concessionnaire automobile B2B l V\u00e9hicules neufs et d'occasion avec des marges de concessionnaires attrayantes l Grossiste international en v\u00e9hicules depuis l'Allemagne","breadcrumb":{"@id":"https:\/\/avex.pt\/fr\/a-propos-davex\/#breadcrumb"},"inLanguage":"fr-FR","potentialAction":[{"@type":"ReadAction","target":["https:\/\/avex.pt\/fr\/a-propos-davex\/"]}]},{"@type":"BreadcrumbList","@id":"https:\/\/avex.pt\/fr\/a-propos-davex\/#breadcrumb","itemListElement":[{"@type":"ListItem","position":1,"name":"Startseite","item":"https:\/\/avex.pt\/fr\/start\/"},{"@type":"ListItem","position":2,"name":"\u00c0 propos d&#8217;AVEX"}]},{"@type":"WebSite","@id":"https:\/\/avex.pt\/fr\/#website","url":"https:\/\/avex.pt\/fr\/","name":"AVEX Automotive Portugal","description":"Avex Automotive, Your reliable international wholesale Partner","publisher":{"@id":"https:\/\/avex.pt\/fr\/#organization"},"potentialAction":[{"@type":"SearchAction","target":{"@type":"EntryPoint","urlTemplate":"https:\/\/avex.pt\/fr\/?s={search_term_string}"},"query-input":{"@type":"PropertyValueSpecification","valueRequired":true,"valueName":"search_term_string"}}],"inLanguage":"fr-FR"},{"@type":"Organization","@id":"https:\/\/avex.pt\/fr\/#organization","name":"AVEX Automotive GmbH & Co. KG","url":"https:\/\/avex.pt\/fr\/","logo":{"@type":"ImageObject","inLanguage":"fr-FR","@id":"https:\/\/avex.pt\/fr\/#\/schema\/logo\/image\/","url":"https:\/\/avex.pt\/wp-content\/uploads\/2024\/10\/Avex-Branding-logo.jpg","contentUrl":"https:\/\/avex.pt\/wp-content\/uploads\/2024\/10\/Avex-Branding-logo.jpg","width":696,"height":696,"caption":"AVEX Automotive GmbH & Co. KG"},"image":{"@id":"https:\/\/avex.pt\/fr\/#\/schema\/logo\/image\/"},"sameAs":["https:\/\/de.linkedin.com\/company\/avex-automotive"]}]}},"_links":{"self":[{"href":"https:\/\/avex.pt\/fr\/wp-json\/wp\/v2\/pages\/16017","targetHints":{"allow":["GET"]}}],"collection":[{"href":"https:\/\/avex.pt\/fr\/wp-json\/wp\/v2\/pages"}],"about":[{"href":"https:\/\/avex.pt\/fr\/wp-json\/wp\/v2\/types\/page"}],"author":[{"embeddable":true,"href":"https:\/\/avex.pt\/fr\/wp-json\/wp\/v2\/users\/1"}],"replies":[{"embeddable":true,"href":"https:\/\/avex.pt\/fr\/wp-json\/wp\/v2\/comments?post=16017"}],"version-history":[{"count":10,"href":"https:\/\/avex.pt\/fr\/wp-json\/wp\/v2\/pages\/16017\/revisions"}],"predecessor-version":[{"id":16359,"href":"https:\/\/avex.pt\/fr\/wp-json\/wp\/v2\/pages\/16017\/revisions\/16359"}],"wp:attachment":[{"href":"https:\/\/avex.pt\/fr\/wp-json\/wp\/v2\/media?parent=16017"}],"wp:term":[{"taxonomy":"wf_page_folders","embeddable":true,"href":"https:\/\/avex.pt\/fr\/wp-json\/wp\/v2\/wf_page_folders?post=16017"}],"curies":[{"name":"wp","href":"https:\/\/api.w.org\/{rel}","templated":true}]}}